{"id":11574,"date":"2023-05-08T16:36:07","date_gmt":"2023-05-08T16:36:07","guid":{"rendered":"https:\/\/talento-global.com\/?page_id=11574"},"modified":"2023-05-08T21:32:47","modified_gmt":"2023-05-08T21:32:47","slug":"datenschutzerklaerung","status":"publish","type":"page","link":"https:\/\/talento-global.com\/de\/datenschutzerklaerung\/","title":{"rendered":"Datenschutzerkl\u00e4rung"},"content":{"rendered":"<p>[vc_row row_type=&#8220;row&#8220; use_row_as_full_screen_section=&#8220;no&#8220; type=&#8220;full_width&#8220; oblique_section=&#8220;no&#8220; text_align=&#8220;left&#8220; Overflow=&#8220;&#8220; triangle_shape=&#8220;no&#8220; css_animation=&#8220;&#8220; overflow=&#8220;&#8220;][vc_column][vc_column_text]Personenbezogene Daten (nachfolgend zumeist nur \u201eDaten\u201c genannt) werden von uns nur im Rahmen der Erforderlichkeit<br \/>\nsowie zum Zwecke der Bereitstellung eines funktionsf\u00e4higen und nutzerfreundlichen Internetauftritts, inklusive seiner Inhalte<br \/>\nund der dort angebotenen Leistungen, verarbeitet.<br \/>\nGem\u00e4\u00df Art. 4 Ziffer 1. der Verordnung (EU) 2016\/679, also der Datenschutz-Grundverordnung (nachfolgend nur \u201eDSGVO\u201c<br \/>\ngenannt), gilt als \u201eVerarbeitung\u201c jeder mit oder ohne Hilfe automatisierter Verfahren ausgef\u00fchrter Vorgang oder jede solche<br \/>\nVorgangsreihe im Zusammenhang mit personenbezogenen Daten, wie das Erheben, das Erfassen, die Organisation, das<br \/>\nOrdnen, die Speicherung, die Anpassung oder Ver\u00e4nderung, das Auslesen, das Abfragen, die Verwendung, die Offenlegung<br \/>\ndurch \u00dcbermittlung, Verbreitung oder eine andere Form der Bereitstellung, den Abgleich oder die Verkn\u00fcpfung, die<br \/>\nEinschr\u00e4nkung, das L\u00f6schen oder die Vernichtung.<br \/>\nMit der nachfolgenden Datenschutzerkl\u00e4rung informieren wir Sie insbesondere \u00fcber Art, Umfang, Zweck, Dauer und<br \/>\nRechtsgrundlage der Verarbeitung personenbezogener Daten, soweit wir entweder allein oder gemeinsam mit anderen \u00fcber die<br \/>\nZwecke und Mittel der Verarbeitung entscheiden. Zudem informieren wir Sie nachfolgend \u00fcber die von uns zu<br \/>\nOptimierungszwecken sowie zur Steigerung der Nutzungsqualit\u00e4t eingesetzten Fremdkomponenten, soweit hierdurch Dritte<br \/>\nDaten in wiederum eigener Verantwortung verarbeiten.<\/p>\n<p><strong><br \/>\nUnsere Datenschutzerkl\u00e4rung ist wie folgt gegliedert:<\/strong><br \/>\nI. Informationen \u00fcber uns als Verantwortliche<br \/>\nII. Rechte der Nutzer und Betroffenen<br \/>\nIII. Informationen zur Datenverarbeitung[\/vc_column_text][vc_empty_space image_repeat=&#8220;no-repeat&#8220;]<div class=\"custom_font_holder  \" style=\"font-family: Lato; font-size: 23px; font-style: normal; font-weight: 800; color: #007ac1; text-decoration: none; text-transform: uppercase; text-align: left\" data-font-size=23 ><div  ><p>I. Informationen \u00fcber uns als Verantwortliche<\/p>\n<\/div><\/div>[vc_empty_space height=&#8220;15px&#8220; image_repeat=&#8220;no-repeat&#8220;][vc_column_text]Verantwortlicher Anbieter dieses Internetauftritts im datenschutzrechtlichen Sinne ist:<\/p>\n<p><span style=\"color: #007ac1;\"><strong>TALENTO GLOBAL<\/strong><\/span><br \/>\n<strong>Alejandra Manini-Zeiner<\/strong><br \/>\n<strong>Trollingerstrasse 1<\/strong><br \/>\n<strong>71723 Gro\u00dfbottwar<br \/>\n<\/strong><br \/>\n<span style=\"color: #007ac1;\"><strong>Deutschland<\/strong><\/span><br \/>\n<strong>Tel.: (+49) (0) 7148-9250342<\/strong><br \/>\n<strong>Mobil.: (+49) (0) 15906126293<\/strong><br \/>\n<strong>E-Mail: amanini@talento-global.com<\/strong><\/p>\n<p><span style=\"color: #007ac1;\"><strong>Datenschutzbeauftragte\/r beim Anbieter ist:<\/strong><\/span><br \/>\n<strong>Alejandra Manini-Zeiner<\/strong>[\/vc_column_text][vc_empty_space image_repeat=&#8220;no-repeat&#8220;]<div class=\"custom_font_holder  \" style=\"font-family: Lato; font-size: 23px; font-style: normal; font-weight: 800; color: #007ac1; text-decoration: none; text-transform: uppercase; text-align: left\" data-font-size=23 ><div  ><p>II. Rechte der Nutzer und Betroffenen<\/p>\n<\/div><\/div>[vc_empty_space height=&#8220;15px&#8220; image_repeat=&#8220;no-repeat&#8220;][vc_column_text]Mit Blick auf die nachfolgend noch n\u00e4her beschriebene Datenverarbeitung haben die Nutzer und Betroffenen das Recht.[\/vc_column_text][vc_empty_space height=&#8220;10px&#8220; image_repeat=&#8220;no-repeat&#8220;][vc_column_text]<\/p>\n<ul>\n<li>auf Best\u00e4tigung, ob sie betreffende Daten verarbeitet werden, auf Auskunft \u00fcber die verarbeiteten Daten, auf weitere<br \/>\nInformationen \u00fcber die Datenverarbeitung sowie auf Kopien der Daten (vgl. auch Art. 15 DSGVO);<\/li>\n<li>auf Berichtigung oder Vervollst\u00e4ndigung unrichtiger bzw. unvollst\u00e4ndiger Daten (vgl. auch Art. 16 DSGVO);<\/li>\n<li>auf unverz\u00fcgliche L\u00f6schung der sie betreffenden Daten (vgl. auch Art. 17 DSGVO), oder, alternativ, soweit eine<br \/>\nweitere Verarbeitung gem\u00e4\u00df Art. 17 Abs. 3 DSGVO erforderlich ist, auf Einschr\u00e4nkung der Verarbeitung nach<br \/>\nMa\u00dfgabe von Art. 18 DSGVO;<\/li>\n<li>auf Erhalt der sie betreffenden und von ihnen bereitgestellten Daten und auf \u00dcbermittlung dieser Daten an andere<br \/>\nAnbieter\/Verantwortliche (vgl. auch Art. 20 DSGVO);<\/li>\n<li>auf Beschwerde gegen\u00fcber der Aufsichtsbeh\u00f6rde, sofern sie der Ansicht sind, dass die sie betreffenden Daten durch<br \/>\nden Anbieter unter Versto\u00df gegen datenschutzrechtliche Bestimmungen verarbeitet werden (vgl. auch Art. 77<br \/>\nDSGVO).<\/li>\n<\/ul>\n<p>[\/vc_column_text][vc_empty_space height=&#8220;10px&#8220; image_repeat=&#8220;no-repeat&#8220;][vc_column_text]Dar\u00fcber hinaus ist der Anbieter dazu verpflichtet, alle Empf\u00e4nger, denen gegen\u00fcber Daten durch den Anbieter offengelegt<br \/>\nworden sind, \u00fcber jedwede Berichtigung oder L\u00f6schung von Daten oder die Einschr\u00e4nkung der Verarbeitung, die aufgrund der<br \/>\nArtikel 16, 17 Abs. 1, 18 DSGVO erfolgt, zu unterrichten. Diese Verpflichtung besteht jedoch nicht, soweit diese Mitteilung<br \/>\nunm\u00f6glich oder mit einem unverh\u00e4ltnism\u00e4\u00dfigen Aufwand verbunden ist. Unbeschadet dessen hat der Nutzer ein Recht auf<br \/>\nAuskunft \u00fcber diese Empf\u00e4nger.[\/vc_column_text][vc_empty_space height=&#8220;10px&#8220; image_repeat=&#8220;no-repeat&#8220;][vc_column_text]<strong>Ebenfalls haben die Nutzer und Betroffenen nach Art. 21 DSGVO das Recht auf Widerspruch gegen die k\u00fcnftige<\/strong><br \/>\n<strong>Verarbeitung der sie betreffenden Daten, sofern die Daten durch den Anbieter nach Ma\u00dfgabe von Art. 6 Abs. 1 lit. f)<\/strong><br \/>\n<strong>DSGVO verarbeitet werden. Insbesondere ist ein Widerspruch gegen die Datenverarbeitung zum Zwecke der<\/strong><br \/>\n<strong>Direktwerbung statthaft.<\/strong>[\/vc_column_text][vc_empty_space image_repeat=&#8220;no-repeat&#8220;]<div class=\"custom_font_holder  \" style=\"font-family: Lato; font-size: 23px; font-style: normal; font-weight: 800; color: #007ac1; text-decoration: none; text-transform: uppercase; text-align: left\" data-font-size=23 ><div  ><p>III. Informationen zur Datenverarbeitung<\/p>\n<\/div><\/div>[vc_empty_space height=&#8220;10px&#8220; image_repeat=&#8220;no-repeat&#8220;][vc_column_text]Ihre bei Nutzung unseres Internetauftritts verarbeiteten Daten werden gel\u00f6scht oder gesperrt, sobald der Zweck der<br \/>\nSpeicherung entf\u00e4llt, der L\u00f6schung der Daten keine gesetzlichen Aufbewahrungspflichten entgegenstehen und nachfolgend<br \/>\nkeine anderslautenden Angaben zu einzelnen Verarbeitungsverfahren gemacht werden.[\/vc_column_text][vc_empty_space height=&#8220;42px&#8220; image_repeat=&#8220;no-repeat&#8220;]<div class=\"custom_font_holder  \" style=\"font-family: Lato; font-size: 25px; font-style: normal; font-weight: 900; color: #007ac1; text-decoration: none; text-transform: uppercase; text-align: left\" data-font-size=25 ><div  ><p>Cookie Manager<\/p>\n<\/div><\/div>[vc_empty_space height=&#8220;10px&#8220; image_repeat=&#8220;no-repeat&#8220;][vc_column_text]Zur Einholung einer Einwilligung zum Einsatz von technisch nicht notwendigen Cookies auf der Website, setzt der Anbieter<br \/>\neinen Cookie-Manager ein.<\/p>\n<p>Bei dem Aufruf der Website wird ein Cookie mit den Einstellungsinformationen auf dem Endger\u00e4t des Nutzers abgelegt, sodass<br \/>\nbei einem weiteren Besuch die Abfrage in Bezug auf die Einwilligung nicht erfolgen muss.<\/p>\n<p>Das Cookie ist erforderlich um eine rechtskonforme Einwilligung des Nutzers einzuholen.<\/p>\n<p>Die Installation der Cookies kann der Nutzer durch Einstellungen seines Browsers verhindern bzw. beenden.[\/vc_column_text][vc_empty_space height=&#8220;42px&#8220; image_repeat=&#8220;no-repeat&#8220;]<div class=\"custom_font_holder  \" style=\"font-family: Lato; font-size: 25px; font-style: normal; font-weight: 900; color: #007ac1; text-decoration: none; text-transform: uppercase; text-align: left\" data-font-size=25 ><div  ><p>Cookies<\/p>\n<\/div><\/div>[vc_empty_space height=&#8220;20px&#8220; image_repeat=&#8220;no-repeat&#8220;]<div class=\"custom_font_holder  \" style=\"font-family: Lato; font-size: 18px; font-style: normal; font-weight: 400; color: #007ac1; text-decoration: none; text-transform: uppercase; text-align: left\" data-font-size=18 ><div  ><p>a) Sitzungs-Cookies\/Session-Cookies<\/p>\n<\/div><\/div>[vc_empty_space height=&#8220;10px&#8220; image_repeat=&#8220;no-repeat&#8220;][vc_column_text]Wir verwenden mit unserem Internetauftritt sog. Cookies. Cookies sind kleine Textdateien oder andere Speichertechnologien,<br \/>\ndie durch den von Ihnen eingesetzten Internet-Browser auf Ihrem Endger\u00e4t ablegt und gespeichert werden. Durch diese<br \/>\nCookies werden im individuellen Umfang bestimmte Informationen von Ihnen, wie beispielsweise Ihre Browser- oder<br \/>\nStandortdaten oder Ihre IP-Adresse, verarbeitet.<\/p>\n<p>Durch diese Verarbeitung wird unser Internetauftritt benutzerfreundlicher, effektiver und sicherer, da die Verarbeitung bspw. die<br \/>\nWiedergabe unseres Internetauftritts in unterschiedlichen Sprachen oder das Angebot einer Warenkorbfunktion erm\u00f6glicht.<\/p>\n<p>Rechtsgrundlage dieser Verarbeitung ist Art. 6 Abs. 1 lit b.) DSGVO, sofern diese Cookies Daten zur Vertragsanbahnung oder<br \/>\nVertragsabwicklung verarbeitet werden.<\/p>\n<p>Falls die Verarbeitung nicht der Vertragsanbahnung oder Vertragsabwicklung dient, liegt unser berechtigtes Interesse in der<br \/>\nVerbesserung der Funktionalit\u00e4t unseres Internetauftritts. Rechtsgrundlage ist in dann Art. 6 Abs. 1 lit. f) DSGVO.<\/p>\n<p>Mit Schlie\u00dfen Ihres Internet-Browsers werden diese Session-Cookies gel\u00f6scht.[\/vc_column_text][vc_empty_space height=&#8220;20px&#8220; image_repeat=&#8220;no-repeat&#8220;]<div class=\"custom_font_holder  \" style=\"font-family: Lato; font-size: 18px; font-style: normal; font-weight: 400; color: #007ac1; text-decoration: none; text-transform: uppercase; text-align: left\" data-font-size=18 ><div  ><p>b) Drittanbieter-Cookies<\/p>\n<\/div><\/div>[vc_empty_space height=&#8220;10px&#8220; image_repeat=&#8220;no-repeat&#8220;][vc_column_text]Gegebenenfalls werden mit unserem Internetauftritt auch Cookies von Partnerunternehmen, mit denen wir zum Zwecke der<br \/>\nWerbung, der Analyse oder der Funktionalit\u00e4ten unseres Internetauftritts zusammenarbeiten, verwendet.<\/p>\n<p>Die Einzelheiten hierzu, insbesondere zu den Zwecken und den Rechtsgrundlagen der Verarbeitung solcher Drittanbieter-<br \/>\nCookies, entnehmen Sie bitte den nachfolgenden Informationen.[\/vc_column_text][vc_empty_space height=&#8220;20px&#8220; image_repeat=&#8220;no-repeat&#8220;]<div class=\"custom_font_holder  \" style=\"font-family: Lato; font-size: 18px; font-style: normal; font-weight: 400; color: #007ac1; text-decoration: none; text-transform: uppercase; text-align: left\" data-font-size=18 ><div  ><p>c) Beseitigungsm\u00f6glichkeit<\/p>\n<\/div><\/div>[vc_empty_space height=&#8220;10px&#8220; image_repeat=&#8220;no-repeat&#8220;][vc_column_text]Sie k\u00f6nnen die Installation der Cookies durch eine Einstellung Ihres Internet-Browsers verhindern oder einschr\u00e4nken. Ebenfalls<br \/>\nk\u00f6nnen Sie bereits gespeicherte Cookies jederzeit l\u00f6schen. Die hierf\u00fcr erforderlichen Schritte und Ma\u00dfnahmen h\u00e4ngen jedoch<br \/>\nvon Ihrem konkret genutzten Internet-Browser ab. Bei Fragen benutzen Sie daher bitte die Hilfefunktion oder Dokumentation<br \/>\nIhres Internet-Browsers oder wenden sich an dessen Hersteller bzw. Support. Bei sog. Flash-Cookies kann die Verarbeitung<br \/>\nallerdings nicht \u00fcber die Einstellungen des Browsers unterbunden werden. Stattdessen m\u00fcssen Sie insoweit die Einstellung<br \/>\nIhres Flash-Players \u00e4ndern. Auch die hierf\u00fcr erforderlichen Schritte und Ma\u00dfnahmen h\u00e4ngen von Ihrem konkret genutzten<br \/>\nFlash-Player ab. Bei Fragen benutzen Sie daher bitte ebenso die Hilfefunktion oder Dokumentation Ihres Flash-Players oder<br \/>\nwenden sich an den Hersteller bzw. Benutzer-Support.<\/p>\n<p>Sollten Sie die Installation der Cookies verhindern oder einschr\u00e4nken, kann dies allerdings dazu f\u00fchren, dass nicht s\u00e4mtliche<br \/>\nFunktionen unseres Internetauftritts vollumf\u00e4nglich nutzbar sind.[\/vc_column_text][vc_empty_space height=&#8220;42px&#8220; image_repeat=&#8220;no-repeat&#8220;]<div class=\"custom_font_holder  \" style=\"font-family: Lato; font-size: 23px; font-style: normal; font-weight: 800; color: #007ac1; text-decoration: none; text-transform: uppercase; text-align: left\" data-font-size=23 ><div  ><p>Kontaktanfragen \/ Kontaktm\u00f6glichkeit<\/p>\n<\/div><\/div>[vc_empty_space height=&#8220;10px&#8220; image_repeat=&#8220;no-repeat&#8220;][vc_column_text]Sofern Sie per Kontaktformular oder E-Mail mit uns in Kontakt treten, werden die dabei von Ihnen angegebenen Daten zur<br \/>\nBearbeitung Ihrer Anfrage genutzt. Die Angabe der Daten ist zur Bearbeitung und Beantwortung Ihre Anfrage erforderlich \u2013<br \/>\nohne deren Bereitstellung k\u00f6nnen wir Ihre Anfrage nicht oder allenfalls eingeschr\u00e4nkt beantworten.<\/p>\n<p>Rechtsgrundlage f\u00fcr diese Verarbeitung ist Art. 6 Abs. 1 lit. b) DSGVO.<\/p>\n<p>Ihre Daten werden gel\u00f6scht, sofern Ihre Anfrage abschlie\u00dfend beantwortet worden ist und der L\u00f6schung keine gesetzlichen<br \/>\nAufbewahrungspflichten entgegenstehen, wie bspw. bei einer sich etwaig anschlie\u00dfenden Vertragsabwicklung.[\/vc_column_text][vc_empty_space height=&#8220;42px&#8220; image_repeat=&#8220;no-repeat&#8220;]<div class=\"custom_font_holder  \" style=\"font-family: Lato; font-size: 23px; font-style: normal; font-weight: 800; color: #007ac1; text-decoration: none; text-transform: uppercase; text-align: left\" data-font-size=23 ><div  ><p>Kundenkonto \/ Registrierungsfunktion<\/p>\n<\/div><\/div>[vc_empty_space height=&#8220;10px&#8220; image_repeat=&#8220;no-repeat&#8220;][vc_column_text]Falls Sie \u00fcber unseren Internetauftritt ein Kundenkonto bei uns anlegen, werden wir die von Ihnen bei der Registrierung<br \/>\neingegebenen Daten (also bspw. Ihren Namen, Ihre Anschrift oder Ihre E-Mail-Adresse) ausschlie\u00dflich f\u00fcr vorvertragliche<br \/>\nLeistungen, f\u00fcr die Vertragserf\u00fcllung oder zum Zwecke der Kundenpflege (bspw. um Ihnen eine \u00dcbersicht \u00fcber Ihre bisherigen<br \/>\nBestellungen bei uns zur Verf\u00fcgung zu stellen oder um Ihnen die sog. Merkzettelfunktion anbieten zu k\u00f6nnen) erheben und<br \/>\nspeichern. Gleichzeitig speichern wir dann die IP-Adresse und das Datum Ihrer Registrierung nebst Uhrzeit. Eine Weitergabe<br \/>\ndieser Daten an Dritte erfolgt nat\u00fcrlich nicht.<\/p>\n<p>Im Rahmen des weiteren Anmeldevorgangs wird Ihre Einwilligung in diese Verarbeitung eingeholt und auf diese<br \/>\nDatenschutzerkl\u00e4rung verwiesen. Die dabei von uns erhobenen Daten werden ausschlie\u00dflich f\u00fcr die Zurverf\u00fcgungstellung des<br \/>\nKundenkontos verwendet.<\/p>\n<p>Soweit Sie in diese Verarbeitung einwilligen, ist Art. 6 Abs. 1 lit. a) DSGVO Rechtsgrundlage f\u00fcr die Verarbeitung.<\/p>\n<p>Sofern die Er\u00f6ffnung des Kundenkontos zus\u00e4tzlich auch vorvertraglichen Ma\u00dfnahmen oder der Vertragserf\u00fcllung dient, so ist<br \/>\nRechtsgrundlage f\u00fcr diese Verarbeitung auch noch Art. 6 Abs. 1 lit. b) DSGVO.<\/p>\n<p>Die uns erteilte Einwilligung in die Er\u00f6ffnung und den Unterhalt des Kundenkontos k\u00f6nnen Sie gem\u00e4\u00df Art. 7 Abs. 3 DSGVO<br \/>\njederzeit mit Wirkung f\u00fcr die Zukunft widerrufen. Hierzu m\u00fcssen Sie uns lediglich \u00fcber Ihren Widerruf in Kenntnis setzen.<\/p>\n<p>Die insoweit erhobenen Daten werden gel\u00f6scht, sobald die Verarbeitung nicht mehr erforderlich ist. Hierbei m\u00fcssen wir aber<br \/>\nsteuer- und handelsrechtliche Aufbewahrungsfristen beachten.[\/vc_column_text][vc_empty_space height=&#8220;42px&#8220; image_repeat=&#8220;no-repeat&#8220;]<div class=\"custom_font_holder  \" style=\"font-family: Lato; font-size: 23px; font-style: normal; font-weight: 800; color: #007ac1; text-decoration: none; text-transform: uppercase; text-align: left\" data-font-size=23 ><div  ><p>Newsletter<\/p>\n<\/div><\/div>[vc_empty_space height=&#8220;10px&#8220; image_repeat=&#8220;no-repeat&#8220;][vc_column_text]Falls Sie sich f\u00fcr unseren kostenlosen Newsletter anmelden, werden die von Ihnen hierzu abgefragten Daten, also Ihre E-Mail-<br \/>\nAdresse sowie \u2013 optional \u2013 Ihr Name und Ihre Anschrift, an uns \u00fcbermittelt. Gleichzeitig speichern wir die IP-Adresse des<br \/>\nInternetanschlusses von dem aus Sie auf unseren Internetauftritt zugreifen sowie Datum und Uhrzeit Ihrer Anmeldung. Im<br \/>\nRahmen des weiteren Anmeldevorgangs werden wir Ihre Einwilligung in die \u00dcbersendung des Newsletters einholen, den Inhalt<br \/>\nkonkret beschreiben und auf diese Datenschutzerkl\u00e4rung verwiesen. Die dabei erhobenen Daten verwenden wir ausschlie\u00dflich<br \/>\nf\u00fcr den Newsletter-Versand \u2013 sie werden deshalb insbesondere auch nicht an Dritte weitergegeben.<\/p>\n<p>Rechtsgrundlage hierbei ist Art. 6 Abs. 1 lit. a) DSGVO.<\/p>\n<p>Die Einwilligung in den Newsletter-Versand k\u00f6nnen Sie gem\u00e4\u00df Art. 7 Abs. 3 DSGVO jederzeit mit Wirkung f\u00fcr die Zukunft<br \/>\nwiderrufen. Hierzu m\u00fcssen Sie uns lediglich \u00fcber Ihren Widerruf in Kenntnis setzen oder den in jedem Newsletter enthaltenen<br \/>\nAbmeldelink bet\u00e4tigen.[\/vc_column_text][vc_empty_space height=&#8220;42px&#8220; image_repeat=&#8220;no-repeat&#8220;]<div class=\"custom_font_holder  \" style=\"font-family: Lato; font-size: 23px; font-style: normal; font-weight: 800; color: #007ac1; text-decoration: none; text-transform: uppercase; text-align: left\" data-font-size=23 ><div  ><p>Nutzerbeitr\u00e4ge, Kommentare und Bewertungen<\/p>\n<\/div><\/div>[vc_empty_space height=&#8220;10px&#8220; image_repeat=&#8220;no-repeat&#8220;][vc_column_text]Wir bieten Ihnen an, auf unseren Internetseiten Fragen, Antworten, Meinungen oder Bewertungen, nachfolgend nur \u201eBeitr\u00e4ge<br \/>\ngenannt, zu ver\u00f6ffentlichen. Sofern Sie dieses Angebot in Anspruch nehmen, verarbeiten und ver\u00f6ffentlichen wir Ihren Beitrag,<br \/>\nDatum und Uhrzeit der Einreichung sowie das von Ihnen ggf. genutzte Pseudonym.<\/p>\n<p>Rechtsgrundlage hierbei ist Art. 6 Abs. 1 lit. a) DSGVO. Die Einwilligung k\u00f6nnen Sie gem\u00e4\u00df Art. 7 Abs. 3 DSGVO jederzeit mit<br \/>\nWirkung f\u00fcr die Zukunft widerrufen. Hierzu m\u00fcssen Sie uns lediglich \u00fcber Ihren Widerruf in Kenntnis setzen.<\/p>\n<p>Dar\u00fcber hinaus verarbeiten wir auch Ihre IP- und E-Mail-Adresse. Die IP-Adresse wird verarbeitet, weil wir ein berechtigtes<br \/>\nInteresse daran haben, weitere Schritte einzuleiten oder zu unterst\u00fctzen, sofern Ihr Beitrag in Rechte Dritter eingreift und\/oder<br \/>\ner sonst wie rechtswidrig erfolgt.<\/p>\n<p>Rechtsgrundlage ist in diesem Fall Art. 6 Abs. 1 lit. f) DSGVO. Unser berechtigtes Interesse liegt in der ggf. notwendigen<br \/>\nRechtsverteidigung.[\/vc_column_text][vc_empty_space height=&#8220;42px&#8220; image_repeat=&#8220;no-repeat&#8220;]<div class=\"custom_font_holder  \" style=\"font-family: Lato; font-size: 23px; font-style: normal; font-weight: 800; color: #007ac1; text-decoration: none; text-transform: uppercase; text-align: left\" data-font-size=23 ><div  ><p>Online-Stellenbewerbungen \/ Ver\u00f6ffentlichung von Stellenanzeigen<\/p>\n<\/div><\/div>[vc_empty_space height=&#8220;10px&#8220; image_repeat=&#8220;no-repeat&#8220;][vc_column_text]Wir bieten Ihnen die M\u00f6glichkeit an, sich bei uns \u00fcber unseren Internetauftritt bewerben zu k\u00f6nnen. Bei diesen digitalen<br \/>\nBewerbungen werden Ihre Bewerber- und Bewerbungsdaten von uns zur Abwicklung des Bewerbungsverfahrens elektronisch<br \/>\nerhoben und verarbeitet.<\/p>\n<p>Rechtsgrundlage f\u00fcr diese Verarbeitung ist \u00a7 26 Abs. 1 S. 1 BDSG i.V.m. Art. 88 Abs. 1 DSGVO.<\/p>\n<p>Sofern nach dem Bewerbungsverfahren ein Arbeitsvertrag geschlossen wird, speichern wir Ihre bei der Bewerbung<br \/>\n\u00fcbermittelten Daten in Ihrer Personalakte zum Zwecke des \u00fcblichen Organisations- und Verwaltungsprozesses \u2013 dies nat\u00fcrlich<br \/>\nunter Beachtung der weitergehenden rechtlichen Verpflichtungen.<\/p>\n<p>Rechtsgrundlage f\u00fcr diese Verarbeitung ist ebenfalls \u00a7 26 Abs. 1 S. 1 BDSG i.V.m. Art. 88 Abs. 1 DSGVO.<\/p>\n<p>Bei der Zur\u00fcckweisung einer Bewerbung l\u00f6schen wir die uns \u00fcbermittelten Daten automatisch zwei Monate nach der<br \/>\nBekanntgabe der Zur\u00fcckweisung. Die L\u00f6schung erfolgt jedoch nicht, wenn die Daten aufgrund gesetzlicher Bestimmungen,<br \/>\nbspw. wegen der Beweispflichten nach dem AGG, eine l\u00e4ngere Speicherung von bis zu vier Monaten oder bis zum Abschluss<br \/>\neines gerichtlichen Verfahrens erfordern.<\/p>\n<p>Rechtsgrundlage ist in diesem Fall Art. 6 Abs. 1 lit. f) DSGVO und \u00a7 24 Abs. 1 Nr. 2 BDSG. Unser berechtigtes Interesse liegt in<br \/>\nder Rechtsverteidigung bzw. -durchsetzung.<\/p>\n<p>Sofern Sie ausdr\u00fccklich in eine l\u00e4ngere Speicherung Ihrer Daten einwilligen, bspw. f\u00fcr Ihre Aufnahme in eine Bewerber- oder<br \/>\nInteressentendatenbank, werden die Daten aufgrund Ihrer Einwilligung weiterverarbeitet. Rechtsgrundlage ist dann Art. 6 Abs. 1<br \/>\nlit. a) DSGVO. Ihre Einwilligung k\u00f6nnen Sie aber nat\u00fcrlich jederzeit nach Art. 7 Abs. 3 DSGVO durch Erkl\u00e4rung uns gegen\u00fcber<br \/>\nmit Wirkung f\u00fcr die Zukunft widerrufen.[\/vc_column_text][vc_empty_space height=&#8220;42px&#8220; image_repeat=&#8220;no-repeat&#8220;]<div class=\"custom_font_holder  \" style=\"font-family: Lato; font-size: 23px; font-style: normal; font-weight: 800; color: #007ac1; text-decoration: none; text-transform: uppercase; text-align: left\" data-font-size=23 ><div  ><p>Serverdaten<\/p>\n<\/div><\/div>[vc_empty_space height=&#8220;10px&#8220; image_repeat=&#8220;no-repeat&#8220;][vc_column_text]Aus technischen Gr\u00fcnden, insbesondere zur Gew\u00e4hrleistung eines sicheren und stabilen Internetauftritts, werden Daten durch<br \/>\nIhren Internet-Browser an uns bzw. an unseren Webspace-Provider \u00fcbermittelt. Mit diesen sog. Server-Logfiles werden u.a. Typ<br \/>\nund Version Ihres Internetbrowsers, das Betriebssystem, die Website, von der aus Sie auf unseren Internetauftritt gewechselt<br \/>\nhaben (Referrer URL), die Website(s) unseres Internetauftritts, die Sie besuchen, Datum und Uhrzeit des jeweiligen Zugriffs<br \/>\nsowie die IP-Adresse des Internetanschlusses, von dem aus die Nutzung unseres Internetauftritts erfolgt, erhoben.<\/p>\n<p>Diese so erhobenen Daten werden vorr\u00fcbergehend gespeichert, dies jedoch nicht gemeinsam mit anderen Daten von Ihnen.<\/p>\n<p>Diese Speicherung erfolgt auf der Rechtsgrundlage von Art. 6 Abs. 1 lit. f) DSGVO. Unser berechtigtes Interesse liegt in der<br \/>\nVerbesserung, Stabilit\u00e4t, Funktionalit\u00e4t und Sicherheit unseres Internetauftritts.<\/p>\n<p>Die Daten werden sp\u00e4testens nach sieben Tage wieder gel\u00f6scht, soweit keine weitere Aufbewahrung zu Beweiszwecken<br \/>\nerforderlich ist. Andernfalls sind die Daten bis zur endg\u00fcltigen Kl\u00e4rung eines Vorfalls ganz oder teilweise von der L\u00f6schung<br \/>\nausgenommen.[\/vc_column_text][vc_empty_space height=&#8220;42px&#8220; image_repeat=&#8220;no-repeat&#8220;]<div class=\"custom_font_holder  \" style=\"font-family: Lato; font-size: 23px; font-style: normal; font-weight: 800; color: #007ac1; text-decoration: none; text-transform: uppercase; text-align: left\" data-font-size=23 ><div  ><p>Vertragsabwicklung<\/p>\n<\/div><\/div>[vc_empty_space height=&#8220;10px&#8220; image_repeat=&#8220;no-repeat&#8220;][vc_column_text]Die von Ihnen zur Inanspruchnahme unseres Waren- und\/oder Dienstleistungsangebots \u00fcbermittelten Daten werden von uns<br \/>\nzum Zwecke der Vertragsabwicklung verarbeitet und sind insoweit erforderlich. Vertragsschluss und Vertragsabwicklung sind<br \/>\nohne Bereitstellung Ihrer Daten nicht m\u00f6glich.<br \/>\nRechtsgrundlage f\u00fcr die Verarbeitung ist Art. 6 Abs. 1 lit. b) DSGVO.<br \/>\nWir l\u00f6schen die Daten mit vollst\u00e4ndiger Vertragsabwicklung, m\u00fcssen dabei aber die steuer- und handelsrechtlichen<br \/>\nAufbewahrungsfristen beachten.<br \/>\nIm Rahmen der Vertragsabwicklung geben wir Ihre Daten an das mit der Warenlieferung beauftragte Transportunternehmen<br \/>\noder an den Finanzdienstleister weiter, soweit die Weitergabe zur Warenauslieferung oder zu Bezahlzwecken erforderlich ist.<br \/>\nRechtsgrundlage f\u00fcr die Weitergabe der Daten ist dann Art. 6 Abs. 1 lit. b) DSGVO.[\/vc_column_text][vc_empty_space height=&#8220;42px&#8220; image_repeat=&#8220;no-repeat&#8220;]<div class=\"custom_font_holder  \" style=\"font-family: Lato; font-size: 23px; font-style: normal; font-weight: 800; color: #007ac1; text-decoration: none; text-transform: uppercase; text-align: left\" data-font-size=23 ><div  ><p>Instagram<\/p>\n<\/div><\/div>[vc_empty_space height=&#8220;10px&#8220; image_repeat=&#8220;no-repeat&#8220;][vc_column_text]Zur Bewerbung unserer Produkte und Leistungen sowie zur Kommunikation mit Interessenten oder Kunden betreiben wir eine<br \/>\nFirmenpr\u00e4senz auf der Plattform Instagram.<br \/>\nAuf dieser Social-Media-Plattform sind wir gemeinsam mit der Meta Platforms Ireland Limited, 4 Grand Canal Square, Dublin 2,<br \/>\nIrland, verantwortlich.<br \/>\nDer Datenschutzbeauftragte von Instagram kann \u00fcber ein Kontaktformular erreicht werden:<\/p>\n<p><a href=\"https:\/\/www.facebook.com\/help\/contact\/540977946302970\">https:\/\/www.facebook.com\/help\/contact\/540977946302970<\/a><\/p>\n<p>Die gemeinsame Verantwortlichkeit haben wir in einer Vereinbarung bez\u00fcglich der jeweiligen Verpflichtungen im Sinne der<br \/>\nDSGVO geregelt. Diese Vereinbarung, aus der sich die gegenseitigen Verpflichtungen ergeben, ist unter dem folgenden Link<br \/>\nabrufbar:<\/p>\n<p><a href=\"https:\/\/www.facebook.com\/legal\/terms\/page_controller_addendum\">https:\/\/www.facebook.com\/legal\/terms\/page_controller_addendum<\/a><\/p>\n<p>Die gemeinsame Verantwortlichkeit haben wir in einer Vereinbarung bez\u00fcglich der jeweiligen Verpflichtungen im Sinne der<br \/>\nDSGVO geregelt. Diese Vereinbarung, aus der sich die gegenseitigen Verpflichtungen ergeben, ist unter dem folgenden Link<br \/>\nabrufbar:<\/p>\n<p><a href=\"https:\/\/www.facebook.com\/legal\/terms\/page_controller_addendum\">https:\/\/www.facebook.com\/legal\/terms\/page_controller_addendum<\/a><\/p>\n<p>&nbsp;<\/p>\n<p>Rechtsgrundlage f\u00fcr die dadurch erfolgende und nachfolgend wiedergegebene Verarbeitung von personenbezogenen Daten ist<br \/>\nArt. 6 Abs. 1 lit. f DSGVO. Unser berechtigtes Interesse besteht an der Analyse, der Kommunikation sowie dem Absatz und der<br \/>\nBewerbung unserer Produkte und Leistungen.<br \/>\nRechtsgrundlage kann auch eine Einwilligung des Nutzers gem\u00e4\u00df Art. 6 Abs. 1 lit. a DSGVO gegen\u00fcber dem Plattformbetreiber<br \/>\nsein. Die Einwilligung hierzu kann der Nutzer nach Art. 7 Abs. 3 DSGVO jederzeit durch eine Mitteilung an den<br \/>\nPlattformbetreiber f\u00fcr die Zukunft widerrufen.<br \/>\nBei dem Aufruf unseres Onlineauftritts auf der Plattform Instagram werden von der Facebook Ireland Ltd. als Betreiberin der<br \/>\nPlattform in der EU Daten des Nutzers (z.B. pers\u00f6nliche Informationen, IP-Adresse etc.) verarbeitet.<br \/>\nDiese Daten des Nutzers dienen zu statistischen Informationen \u00fcber die Inanspruchnahme unserer Firmenpr\u00e4senz auf<br \/>\nInstagram. Die Facebook Ireland Ltd. nutzt diese Daten zu Marktforschungs- und Werbezwecken sowie zur Erstellung von<br \/>\nProfilen der Nutzer. Anhand dieser Profile ist es der Facebook Ireland Ltd. beispielsweise m\u00f6glich, die Nutzer innerhalb und<br \/>\nau\u00dferhalb von Instagram interessenbezogen zu bewerben. Ist der Nutzer zum Zeitpunkt des Aufrufes in seinem Account auf<br \/>\nInstagram eingeloggt, kann die Facebook Ireland Ltd. zudem die Daten mit dem jeweiligen Nutzerkonto verkn\u00fcpfen.<br \/>\nIm Falle einer Kontaktaufnahme des Nutzers \u00fcber Instagram werden die bei dieser Gelegenheit eingegebenen<br \/>\npersonenbezogenen Daten des Nutzers zur Bearbeitung der Anfrage genutzt. Die Daten des Nutzers werden bei uns gel\u00f6scht,<br \/>\nsofern die Anfrage des Nutzers abschlie\u00dfend beantwortet wurde und keine gesetzlichen Aufbewahrungspflichten, wie z.B. bei<br \/>\neiner anschlie\u00dfenden Vertragsabwicklung, entgegenstehen.<\/p>\n<p>Zur Verarbeitung der Daten werden von der Facebook Ireland Ltd. ggf. auch Cookies gesetzt.<br \/>\nSollte der Nutzer mit dieser Verarbeitung nicht einverstanden sein, so besteht die M\u00f6glichkeit, die Installation der Cookies durch<br \/>\neine entsprechende Einstellung des Browsers zu verhindern. Bereits gespeicherte Cookies k\u00f6nnen ebenfalls jederzeit gel\u00f6scht<br \/>\nwerden. Die Einstellungen hierzu sind vom jeweiligen Browser abh\u00e4ngig. Bei Flash-Cookies l\u00e4sst sich die Verarbeitung nicht<br \/>\n\u00fcber die Einstellungen des Browsers unterbinden, sondern durch die entsprechende Einstellung des Flash-Players. Sollte der<br \/>\nNutzer die Installation der Cookies verhindern oder einschr\u00e4nken, kann dies dazu f\u00fchren, dass nicht s\u00e4mtliche Funktionen von<br \/>\nFacebook vollumf\u00e4nglich nutzbar sind.<br \/>\nN\u00e4heres zu den Verarbeitungst\u00e4tigkeiten, deren Unterbindung und zur L\u00f6schung der von Instagram verarbeiteten Daten finden<br \/>\nsich in der Datenrichtlinie von Instagram:<\/p>\n<p><a href=\"https:\/\/help.instagram.com\/519522125107875\">https:\/\/help.instagram.com\/519522125107875<\/a><\/p>\n<p>Es ist nicht ausgeschlossen, dass die Verarbeitung durch die Facebook Ireland Ltd. auch \u00fcber die Meta Platforms, Inc., 1601<br \/>\nWillow Road, Menlo Park, California 94025 in den USA erfolgt.[\/vc_column_text][vc_empty_space height=&#8220;42px&#8220; image_repeat=&#8220;no-repeat&#8220;]<div class=\"custom_font_holder  \" style=\"font-family: Lato; font-size: 23px; font-style: normal; font-weight: 800; color: #007ac1; text-decoration: none; text-transform: uppercase; text-align: left\" data-font-size=23 ><div  ><p>LinkedIn<\/p>\n<\/div><\/div>[vc_empty_space height=&#8220;10px&#8220; image_repeat=&#8220;no-repeat&#8220;][vc_column_text]Wir unterhalten bei LinkedIn eine Onlinepr\u00e4senz um unser Unternehmen sowie unsere Leistungen zu pr\u00e4sentieren und mit<br \/>\nKunden\/Interessenten zu kommunizieren. LinkedIn ist ein Service der LinkedIn Ireland Unlimited Company, Wilton Plaza, Wilton<br \/>\nPlace, Dublin 2, Irland, ein Tochterunternehmen der LinkedIn Corporation, 1000 W. Maude Avenue, Sunnyvale, CA 94085,<br \/>\nUSA.<br \/>\nInsofern weisen wir darauf hin, dass die M\u00f6glichkeit besteht, dass Daten der Nutzer au\u00dferhalb der Europ\u00e4ischen Union,<br \/>\ninsbesondere in den USA, verarbeitet werden. Hierdurch k\u00f6nnen gesteigerte Risiken f\u00fcr die Nutzer insofern bestehen, als dass<br \/>\nz.B. der sp\u00e4tere Zugriff auf die Nutzerdaten erschwert werden kann. Auch haben wir keinen Zugriff auf diese Nutzerdaten. Die<br \/>\nZugriffsm\u00f6glichkeit liegt ausschlie\u00dflich bei LinkedIn.<br \/>\nDie Datenschutzhinweise von LinkedIn finden Sie unter<\/p>\n<p><a href=\"https:\/\/www.linkedin.com\/legal\/privacy-policy\">https:\/\/www.linkedin.com\/legal\/privacy-policy<\/a>[\/vc_column_text][vc_empty_space height=&#8220;42px&#8220; image_repeat=&#8220;no-repeat&#8220;]<div class=\"custom_font_holder  \" style=\"font-family: Lato; font-size: 23px; font-style: normal; font-weight: 800; color: #007ac1; text-decoration: none; text-transform: uppercase; text-align: left\" data-font-size=23 ><div  ><p>Instagram<\/p>\n<\/div><\/div>[vc_empty_space height=&#8220;10px&#8220; image_repeat=&#8220;no-repeat&#8220;][vc_column_text]Meta Platforms Ireland Limited, 4 Grand Canal Square, Dublin 2, Irland.<\/p>\n<p>Datenschutzerkl\u00e4rung:\u00a0<a href=\"https:\/\/www.linkedin.com\/legal\/privacy-policy\">https:\/\/www.linkedin.com\/legal\/privacy-policy<\/a>[\/vc_column_text][vc_empty_space height=&#8220;42px&#8220; image_repeat=&#8220;no-repeat&#8220;]<div class=\"custom_font_holder  \" style=\"font-family: Lato; font-size: 23px; font-style: normal; font-weight: 800; color: #007ac1; text-decoration: none; text-transform: uppercase; text-align: left\" data-font-size=23 ><div  ><p>Google Analytics<\/p>\n<\/div><\/div>[vc_empty_space height=&#8220;10px&#8220; image_repeat=&#8220;no-repeat&#8220;][vc_column_text]In unserem Internetauftritt setzen wir Google Analytics ein. Hierbei handelt es sich um einen Webanalysedienst der Google<br \/>\nIreland Limited, Gordon House, Barrow Street, Dublin 4, Irland, nachfolgend nur \u201eGoogle\u201c genannt.<br \/>\nDer Dienst Google Analytics dient zur Analyse des Nutzungsverhaltens unseres Internetauftritts. Rechtsgrundlage ist Art. 6 Abs.<br \/>\n1 lit. f) DSGVO. Unser berechtigtes Interesse liegt in der Analyse, Optimierung und dem wirtschaftlichen Betrieb unseres<br \/>\nInternetauftritts.<br \/>\nNutzungs- und nutzerbezogene Informationen, wie bspw. IP-Adresse, Ort, Zeit oder H\u00e4ufigkeit des Besuchs unseres<br \/>\nInternetauftritts, werden dabei an einen Server von Google in den USA \u00fcbertragen und dort gespeichert. Allerdings nutzen wir<br \/>\nGoogle Analytics mit der sog. Anonymisierungsfunktion. Durch diese Funktion k\u00fcrzt Google die IP-Adresse schon innerhalb der<br \/>\nEU bzw. des EWR.<br \/>\nDie so erhobenen Daten werden wiederum von Google genutzt, um uns eine Auswertung \u00fcber den Besuch unseres<br \/>\nInternetauftritts sowie \u00fcber die dortigen Nutzungsaktivit\u00e4ten zur Verf\u00fcgung zu stellen. Auch k\u00f6nnen diese Daten genutzt<br \/>\nwerden, um weitere Dienstleistungen zu erbringen, die mit der Nutzung unseres Internetauftritts und der Nutzung des Internets<br \/>\nzusammenh\u00e4ngen.<br \/>\nGoogle gibt an, Ihre IP-Adresse nicht mit anderen Daten zu verbinden. Zudem h\u00e4lt Google unter<\/p>\n<p><a href=\"https:\/\/www.google.com\/intl\/de\/policies\/privacy\/partners\">https:\/\/www.google.com\/intl\/de\/policies\/privacy\/partners<\/a><\/p>\n<p>weitere datenschutzrechtliche Informationen f\u00fcr Sie bereit, so bspw. auch zu den M\u00f6glichkeiten, die Datennutzung zu<br \/>\nunterbinden.<br \/>\nZudem bietet Google unter<\/p>\n<p><a href=\"https:\/\/tools.google.com\/dlpage\/gaoptout?hl=de\">https:\/\/tools.google.com\/dlpage\/gaoptout?hl=de<\/a><\/p>\n<p>ein sog. Deaktivierungs-Add-on nebst weiteren Informationen hierzu an. Dieses Add-on l\u00e4sst sich mit den g\u00e4ngigen Internet-<br \/>\nBrowsern installieren und bietet Ihnen weitergehende Kontrollm\u00f6glichkeit \u00fcber die Daten, die Google bei Aufruf unseres<br \/>\nInternetauftritts erfasst. Dabei teilt das Add-on dem JavaScript (ga.js) von Google Analytics mit, dass Informationen zum Besuch<br \/>\nunseres Internetauftritts nicht an Google Analytics \u00fcbermittelt werden sollen. Dies verhindert aber nicht, dass Informationen an<br \/>\nuns oder an andere Webanalysedienste \u00fcbermittelt werden. Ob und welche weiteren Webanalysedienste von uns eingesetzt<br \/>\nwerden, erfahren Sie nat\u00fcrlich ebenfalls in dieser Datenschutzerkl\u00e4rung.[\/vc_column_text][vc_empty_space height=&#8220;42px&#8220; image_repeat=&#8220;no-repeat&#8220;]<div class=\"custom_font_holder  \" style=\"font-family: Lato; font-size: 23px; font-style: normal; font-weight: 800; color: #007ac1; text-decoration: none; text-transform: uppercase; text-align: left\" data-font-size=23 ><div  ><p>Google Fonts<\/p>\n<\/div><\/div>[vc_empty_space height=&#8220;10px&#8220; image_repeat=&#8220;no-repeat&#8220;][vc_column_text]In unserem Internetauftritt setzen wir Google Fonts zur Darstellung externer Schriftarten ein. Es handelt sich hierbei um einen<br \/>\nDienst der Google Ireland Limited, Gordon House, Barrow Street, Dublin 4, Irland, nachfolgend nur \u201eGoogle\u201c genannt.<br \/>\nUm die Darstellung bestimmter Schriften in unserem Internetauftritt zu erm\u00f6glichen, wird bei Aufruf unseres Internetauftritts eine<br \/>\nVerbindung zu dem Google-Server in den USA aufgebaut.<br \/>\nRechtsgrundlage ist Art. 6 Abs. 1 lit. f) DSGVO. Unser berechtigtes Interesse liegt in der Optimierung und dem wirtschaftlichen<br \/>\nBetrieb unseres Internetauftritts.<br \/>\nDurch die bei Aufruf unseres Internetauftritts hergestellte Verbindung zu Google kann Google ermitteln, von welcher Website<br \/>\nIhre Anfrage gesendet worden ist und an welche IP-Adresse die Darstellung der Schrift zu \u00fcbermitteln ist.<br \/>\nGoogle bietet unter<\/p>\n<p><a href=\"https:\/\/adssettings.google.com\/authenticated\">https:\/\/adssettings.google.com\/authenticated<\/a><\/p>\n<p><a href=\"https:\/\/policies.google.com\/privacy\">https:\/\/policies.google.com\/privacy<\/a><\/p>\n<p>weitere Informationen an und zwar insbesondere zu den M\u00f6glichkeiten der Unterbindung der Datennutzung.[\/vc_column_text][vc_empty_space height=&#8220;42px&#8220; image_repeat=&#8220;no-repeat&#8220;]<div class=\"custom_font_holder  \" style=\"font-family: Lato; font-size: 23px; font-style: normal; font-weight: 800; color: #007ac1; text-decoration: none; text-transform: uppercase; text-align: left\" data-font-size=23 ><div  ><p>MailChimp \u2013 Newsletter<\/p>\n<\/div><\/div>[vc_empty_space height=&#8220;10px&#8220; image_repeat=&#8220;no-repeat&#8220;][vc_column_text]Wir bieten Ihnen die M\u00f6glichkeit an, sich bei uns \u00fcber unseren Internetauftritt f\u00fcr unsere kostenlosen Newsletter anmelden zu<br \/>\nk\u00f6nnen.<br \/>\nZum Newsletterversand setzen wir MailChimp, einen Dienst der The Rocket Science Group, LLC, 512 Means Street, Suite 404,<br \/>\nAtlanta, GA 30318, USA, nachfolgend nur \u201eThe Rocket Science Group\u201c genannt, ein.<br \/>\nZudem bietet The Rocket Science Group unter<\/p>\n<p><a href=\"http:\/\/mailchimp.com\/legal\/privacy\/\">http:\/\/mailchimp.com\/legal\/privacy\/<\/a><\/p>\n<p>weitergehende Datenschutzinformationen an.<br \/>\nFalls Sie sich zu unserem Newsletter-Versand anmelden, werden die w\u00e4hrend des Anmeldevorgangs abgefragten Daten, wie<br \/>\nIhre E-Mail-Adresse sowie, optional, Ihr Name nebst Anschrift, durch The Rocket Science Group verarbeitet. Zudem werden<br \/>\nIhre IP-Adresse sowie das Datum Ihrer Anmeldung nebst Uhrzeit gespeichert. Im Rahmen des weiteren Anmeldevorgangs wird<br \/>\nIhre Einwilligung in die \u00dcbersendung des Newsletters eingeholt, der Inhalt konkret beschreiben und auf diese<br \/>\nDatenschutzerkl\u00e4rung verwiesen.<br \/>\nDer anschlie\u00dfend \u00fcber The Rocket Science Group versandte Newsletter enth\u00e4lt zudem einen sog. Z\u00e4hlpixel, auch Web Beacon<br \/>\ngenannt\u201c. Mit Hilfe dieses Z\u00e4hlpixels k\u00f6nnen wir auswerten, ob und wann Sie unseren Newsletter gelesen haben und ob Sie<br \/>\nden in dem Newsletter etwaig enthaltenen weiterf\u00fchrenden Links gefolgt sind. Neben weiteren technischen Daten, wie bspw.<br \/>\ndie Daten Ihres EDV-Systems und Ihre IP-Adresse, werden die dabei verarbeiteten Daten gespeichert, damit wir unser<br \/>\nNewsletter-Angebot optimieren und auf die W\u00fcnsche der Leser eingehen k\u00f6nnen. Die Daten werden also zur Steigerung der<br \/>\nQualit\u00e4t und Attraktivit\u00e4t unseres Newsletter-Angebots zu steigern.<br \/>\nRechtsgrundlage f\u00fcr den Versand des Newsletters und die Analyse ist Art. 6 Abs. 1 lit. a.) DSGVO.<br \/>\nDie Einwilligung in den Newsletter-Versand k\u00f6nnen Sie gem\u00e4\u00df Art. 7 Abs. 3 DSGVO jederzeit mit Wirkung f\u00fcr die Zukunft<br \/>\nwiderrufen. Hierzu m\u00fcssen Sie uns lediglich \u00fcber Ihren Widerruf in Kenntnis setzen oder den in jedem Newsletter enthaltenen<br \/>\nAbmeldelink bet\u00e4tigen.<\/p>\n<p><a href=\"https:\/\/www.xn--generator-datenschutzerklrung-pqc.de\/\" target=\"_blank\" rel=\"noopener\">Muster-Datenschutzerkl\u00e4rung<\/a>\u00a0der\u00a0<a href=\"https:\/\/www.ratgeberrecht.eu\/datenschutz\/datenschutzerklaerung-generator-dsgvo.html\" target=\"_blank\" rel=\"noopener\">Anwaltskanzlei Wei\u00df &amp; Partner<\/a>[\/vc_column_text][vc_empty_space height=&#8220;42px&#8220; image_repeat=&#8220;no-repeat&#8220;][\/vc_column][\/vc_row][vc_row row_type=&#8220;row&#8220; use_row_as_full_screen_section=&#8220;no&#8220; type=&#8220;full_width&#8220; oblique_section=&#8220;no&#8220; text_align=&#8220;left&#8220; Overflow=&#8220;&#8220; triangle_shape=&#8220;no&#8220; background_image=&#8220;11199&#8243; padding_bottom=&#8220;80px&#8220; css_animation=&#8220;&#8220; overflow=&#8220;&#8220;][vc_column][vc_empty_space height=&#8220;2px&#8220; image_repeat=&#8220;no-repeat&#8220; css=&#8220;.vc_custom_1683578064903{background-color: #0ad1f1 !important;}&#8220;][\/vc_column][\/vc_row]<\/p>\n","protected":false},"excerpt":{"rendered":"<p>[vc_row row_type=&#8220;row&#8220; use_row_as_full_screen_section=&#8220;no&#8220; type=&#8220;full_width&#8220; oblique_section=&#8220;no&#8220; text_align=&#8220;left&#8220; Overflow=&#8220;&#8220; triangle_shape=&#8220;no&#8220; css_animation=&#8220;&#8220; overflow=&#8220;&#8220;][vc_column][vc_column_text]Personenbezogene Daten (nachfolgend zumeist nur \u201eDaten\u201c genannt) werden von uns nur im Rahmen der Erforderlichkeit sowie zum Zwecke der Bereitstellung eines funktionsf\u00e4higen und nutzerfreundlichen Internetauftritts, inklusive seiner Inhalte und der dort angebotenen Leistungen, verarbeitet. Gem\u00e4\u00df Art&#8230;.<\/p>\n","protected":false},"author":2,"featured_media":0,"parent":0,"menu_order":0,"comment_status":"closed","ping_status":"closed","template":"","meta":{"footnotes":""},"class_list":["post-11574","page","type-page","status-publish","hentry"],"_links":{"self":[{"href":"https:\/\/talento-global.com\/de\/wp-json\/wp\/v2\/pages\/11574","targetHints":{"allow":["GET"]}}],"collection":[{"href":"https:\/\/talento-global.com\/de\/wp-json\/wp\/v2\/pages"}],"about":[{"href":"https:\/\/talento-global.com\/de\/wp-json\/wp\/v2\/types\/page"}],"author":[{"embeddable":true,"href":"https:\/\/talento-global.com\/de\/wp-json\/wp\/v2\/users\/2"}],"replies":[{"embeddable":true,"href":"https:\/\/talento-global.com\/de\/wp-json\/wp\/v2\/comments?post=11574"}],"version-history":[{"count":24,"href":"https:\/\/talento-global.com\/de\/wp-json\/wp\/v2\/pages\/11574\/revisions"}],"predecessor-version":[{"id":11599,"href":"https:\/\/talento-global.com\/de\/wp-json\/wp\/v2\/pages\/11574\/revisions\/11599"}],"wp:attachment":[{"href":"https:\/\/talento-global.com\/de\/wp-json\/wp\/v2\/media?parent=11574"}],"curies":[{"name":"wp","href":"https:\/\/api.w.org\/{rel}","templated":true}]}}